{"id":11526,"date":"2024-05-16T09:37:18","date_gmt":"2024-05-16T07:37:18","guid":{"rendered":"https:\/\/www.nievesviesca.com\/blog\/?page_id=11526"},"modified":"2024-09-26T10:40:01","modified_gmt":"2024-09-26T08:40:01","slug":"el-tunel-y-los-dias","status":"publish","type":"page","link":"https:\/\/www.nievesviesca.com\/blog\/el-tunel-y-los-dias\/","title":{"rendered":"EL T\u00daNEL Y LOS D\u00cdAS"},"content":{"rendered":"<div class=\"brz-root__container brz-reset-all brz\">\n<section id=\"_bYQ3uL_ftacU\" class=\"brz-section brz-css-tzieQ\">\n<div class=\"brz-section__content brz-section--fullWidth brz-css-qL3ot brz-css-fAOSO\" data-brz-custom-id=\"s8CmVdOeO4Gj\">\n<div class=\"brz-bg\">\n<div class=\"brz-bg-color\"><\/div>\n<\/div>\n<div class=\"brz-container brz-css-cLmad brz-css-oZcI8\">\n<div id=\"\" class=\"brz-css-kQa58 brz-css-uuJ6_ brz-wrapper\">\n<div class=\"brz-rich-text brz-rich-text__custom brz-css-cGdzm\" data-brz-custom-id=\"qmb5MrnAF25f\">\n<div data-brz-translate-text=\"1\">\n<h1 class=\"brz-tp-lg-heading1 brz-text-sm-justify brz-text-xs-justify brz-css-w6twA\" data-uniq-id=\"pfOml\" data-generated-css=\"brz-css-hERSk\"><span class=\"brz-cp-color8\">El T\u00fanel y los D\u00edas<\/span><\/h1>\n<\/div>\n<\/div>\n<\/div>\n<\/div>\n<\/div>\n<\/section>\n<section id=\"_p9w_7JFIj04i\" class=\"brz-section brz-css-tzieQ brz-css-rkM14\">\n<div class=\"brz-section__content brz-section--fullWidth brz-css-qL3ot brz-css-nqryb\" data-brz-custom-id=\"oA7rCgZP_F_h\">\n<div class=\"brz-container brz-css-cLmad brz-css-chot2\">\n<div class=\"brz-row__container brz-css-h9UKJ\" data-brz-custom-id=\"wVyiRarIfRBM\">\n<div class=\"brz-bg\"><\/div>\n<div class=\"brz-row brz-css-gMI71 brz-css-lU6fi\">\n<div class=\"brz-columns brz-css-wlUsu brz-css-pRbSX\" data-brz-custom-id=\"f7MiaWp_UlM1\">\n<div class=\"brz-bg\"><\/div>\n<div class=\"brz-column__items brz-css-oo6B3\">\n<div id=\"\" class=\"brz-css-kQa58 brz-css-szyoe brz-wrapper\">\n<div class=\"brz-image brz-css-qHEpU\" data-brz-custom-id=\"kcsnSa0vs4fs\"><img decoding=\"async\" class=\"brz-img\" src=\"https:\/\/i0.wp.com\/www.nievesviesca.com\/blog\/wp-content\/uploads\/2023\/09\/el-tunel-y-los-dias.jpg?w=584&#038;ssl=1\" alt=\"\" loading=\"lazy\" data-recalc-dims=\"1\"><\/div>\n<\/div>\n<\/div>\n<\/div>\n<div class=\"brz-columns brz-css-wlUsu brz-css-z3MqA\" data-brz-custom-id=\"h50utwuFHspV\">\n<div class=\"brz-bg\"><\/div>\n<div class=\"brz-column__items brz-css-oo6B3\">\n<div id=\"\" class=\"brz-css-kQa58 brz-wrapper\">\n<div class=\"brz-rich-text brz-rich-text__custom brz-css-cGdzm\" data-brz-custom-id=\"poES1HtDWlOB\">\n<div data-brz-translate-text=\"1\">\n<h3 class=\"brz-tp-lg-heading3 brz-css-apY4_\" data-generated-css=\"brz-css-um_aF\" data-uniq-id=\"yofWX\"><strong class=\"brz-cp-color2\">EL T\u00daNEL Y LOS D\u00cdAS.<\/strong><\/h3>\n<p class=\"brz-tp-lg-paragraph brz-css-vJHX5\" data-generated-css=\"brz-css-peL45\" data-uniq-id=\"jFulo\"><span class=\"brz-cp-color2\">Editorial:&nbsp;Enkuadres |&nbsp;Poes\u00eda<\/span><\/p>\n<\/div>\n<\/div>\n<\/div>\n<div id=\"\" class=\"brz-css-kQa58 brz-wrapper\">\n<div class=\"brz-rich-text brz-rich-text__custom brz-css-cGdzm\" data-brz-custom-id=\"hpHIOtFNLmRt\">\n<div data-brz-translate-text=\"1\">\n<h5 class=\"brz-tp-lg-heading5 brz-text-lg-justify brz-css-d_hfk\" data-uniq-id=\"aXZI_\" data-generated-css=\"brz-css-hnueV\"><strong class=\"brz-cp-color2\">BIOGRAF\u00cdA<\/strong><\/h5>\n<h3 class=\"brz-tp-lg-paragraph brz-text-lg-justify brz-css-sFV69\" data-uniq-id=\"l8i7V\" data-generated-css=\"brz-css-cFBSr\"><span class=\"brz-cp-color2\">Nieves Viesca (1959) nace en Gij\u00f3n, ciudad donde reside. Poeta y narradora, su camino hacia La Palabra se inicia en el peri\u00f3dico \u2018El Noroeste\u2019 (1978) como Teclista y Correctora. Tiene los T\u00edtulos, Auxiliar de Farmacia, T\u00e9cnica en Gesti\u00f3n Administrativa, y varios Diplomas de Creaci\u00f3n Literaria. Libros Publicados: La danza del equilibrio (1996) Metamorfosis del sentimiento (2002) Diecinueve o veinte l\u00edneas (2009) Manual de tinta (2012). Entre sus libros colectivos y antolog\u00edas destacamos: Tejedores de palabras (Madrid, 2005) Palabras con \u00c1ngel (2009) Alquimia del fuego (2014 Fundaci\u00f3n Zenobia J.R.J.) Liberando las palabras (ANUESCA, 2014) Hablan los poetas (2015) Antolog\u00eda de amor y desamor (2016) Me gusta la Navidad (Cuadernos del Laberinto, 2016) Oviedo, libro abierto (Trea, 2017). Ha recibido Primer Premio Poes\u00eda Anacre\u00f3ntica (Prometeo, 2003) Premio Voces Nuevas (Madrid, 2007) Minimorum (2008) Poeta del Alba (2015) entre otros. Pertenece a las Asociaciones Culturales Espejo de Alicante, Liceo Po\u00e9tico de Benidorm y la AEA. En el Blog de su p\u00e1gina www.nievesviesca.com realiza, desde hace a\u00f1os, una labor po\u00e9tica e informativa.<\/span><\/h3>\n<h3 class=\"brz-tp-lg-paragraph brz-text-lg-justify brz-css-vMTuV\" data-uniq-id=\"aKb4Z\" data-generated-css=\"brz-css-srEju\"><strong class=\"brz-cp-color2\"> <\/strong><\/h3>\n<h5 data-uniq-id=\"mGPGA\" data-generated-css=\"brz-css-rAXdQ\" class=\"brz-tp-lg-heading5 brz-text-lg-justify brz-css-uDGks\"><strong class=\"brz-cp-color2\">SINOPSIS<\/strong><\/h5>\n<h3 class=\"brz-tp-lg-paragraph brz-text-lg-justify brz-css-uFiIW\" data-uniq-id=\"ne7va\" data-generated-css=\"brz-css-mdMvt\"><span class=\"brz-cp-color2\">El verso y la memoria van cogidos de la mano en este poemario, al igual que la brevedad y lo visual, el mito del pasado y el asfalto del presente. Y siempre nos quedar\u00e1 la esperanza,&nbsp;<\/span><em class=\"brz-cp-color2\">\u00abLa Esperanza \/ que vuela todo el d\u00eda\u00bb<\/em><span class=\"brz-cp-color2\">&nbsp;nos dir\u00e1 la poeta.<\/span><\/h3>\n<h3 class=\"brz-tp-lg-paragraph brz-text-lg-justify brz-css-ihKEr\" data-uniq-id=\"iDhJb\" data-generated-css=\"brz-css-c7QNK\"><span class=\"brz-cp-color2\">Hay que hacer alusi\u00f3n al grupo de fotograf\u00edas que aparecen en el poemario y que tambi\u00e9n forman parte de esta poes\u00eda visual de Nieves Viesca. Todas ellas se refieren a puntos de la geograf\u00eda asturiana y a esculturas con una gran carga simb\u00f3lica.<\/span><\/h3>\n<h3 class=\"brz-tp-lg-paragraph brz-text-lg-justify brz-css-aQHGT\" data-uniq-id=\"fbIDA\" data-generated-css=\"brz-css-gZgMl\"><span class=\"brz-cp-color2\">Ante este poemario recomendar al lector que se atreva a introducirse en ese T\u00fanel aparentemente negro, enigm\u00e1tico, pero al final de la oscuridad siempre aparece en estos versos, como al final de un t\u00fanel, el resplandor de la luz, y la maravilla de una poes\u00eda que se expresa no solo con palabras, sino con signos, espacios vac\u00edos, y elipsis que el lector atento ha de rellenar, y silencios que evocan m\u00e1s que las palabras y que es \u00abm\u00fasica de la temporalidad\u00bb en palabras de Jank\u00e9l\u00e9vitch m\u00fasica que, aunque remota, resuena con fuerza en la poes\u00eda de&nbsp;<\/span><em class=\"brz-cp-color2\">El T\u00fanel y los D\u00edas<\/em><span class=\"brz-cp-color2\">&nbsp;de Nieves Viesca.<\/span><\/h3>\n<h3 class=\"brz-tp-lg-paragraph brz-text-lg-justify brz-css-cDYLo\" data-uniq-id=\"qkk_Z\" data-generated-css=\"brz-css-ahQdq\"><span class=\"brz-cp-color2\">Antonio Bravo, Doctor en Filolog\u00eda Inglesa<\/span><\/h3>\n<h3 data-uniq-id=\"m0WDQ\" data-generated-css=\"brz-css-pJ06x\" class=\"brz-tp-lg-paragraph brz-text-lg-justify brz-css-iKu5H\"><span class=\"brz-cp-color2\">Profesor de la Universidad de Oviedo y Poeta<\/span><\/h3>\n<\/div>\n<\/div>\n<\/div>\n<\/div>\n<\/div>\n<\/div>\n<\/div>\n<div id=\"\" class=\"brz-css-kQa58 brz-wrapper\">\n<div class=\"brz-line brz-line-default brz-css-rHKZ7\" data-brz-custom-id=\"gfQaXe51uXds\">\n<hr class=\"brz-hr\"><\/div>\n<\/div>\n<div id=\"\" class=\"brz-css-kQa58 brz-wrapper\">\n<div class=\"brz-rich-text brz-rich-text__custom brz-css-cGdzm\" data-brz-custom-id=\"xrGVfEBhULUG\">\n<div data-brz-translate-text=\"1\">\n<h3 data-generated-css=\"brz-css-lxU4R\" data-uniq-id=\"tAVi0\" class=\"ql-align-center brz-text-lg-center brz-tp-lg-heading3 brz-css-rhX33\"><span class=\"brz-cp-color2\">Cons\u00edguelo<\/span><\/h3>\n<p class=\"brz-tp-lg-paragraph ql-align-center brz-text-lg-center brz-css-toAio\" data-generated-css=\"brz-css-dm_YX\" data-uniq-id=\"ld57s\"><span class=\"brz-cp-color2\">Descarga el libro electr\u00f3nico o compra tu edici\u00f3n f\u00edsica en tu librer\u00eda habitual o a trav\u00e9s de los siguientes distribuidores:<\/span><\/p>\n<\/div>\n<\/div>\n<\/div>\n<div class=\"brz-row__container brz-css-h9UKJ\" data-brz-custom-id=\"pAC5VR6mlV4R\">\n<div class=\"brz-bg\"><\/div>\n<div class=\"brz-row brz-css-gMI71 brz-css-lU6fi\">\n<div class=\"brz-columns brz-css-wlUsu brz-css-hONTT\" data-brz-custom-id=\"yLTDcdnbj1kn\">\n<div class=\"brz-bg\">\n<div class=\"brz-bg-color\"><\/div>\n<\/div>\n<div class=\"brz-column__items brz-css-oo6B3 brz-css-d_vHW\">\n<div id=\"\" class=\"brz-css-kQa58 brz-wrapper\">\n<div class=\"brz-rich-text brz-rich-text__custom brz-css-cGdzm\" data-brz-custom-id=\"qqBwLm2kCOjW\">\n<div data-brz-translate-text=\"1\">\n<h4 class=\"ql-align-center brz-text-lg-center brz-tp-lg-heading4 brz-bcp-color7 brz-css-fRZO8\" data-generated-css=\"brz-css-x3mQq\" data-uniq-id=\"sUMl6\"><span class=\"brz-cp-color1\">eBook<\/span><\/h4>\n<h4 class=\"ql-align-center brz-text-lg-center brz-bcp-color1 brz-tp-lg-heading4 brz-css-qoQcS\" data-generated-css=\"brz-css-zJGCZ\" data-uniq-id=\"x2wwu\"><span class=\"brz-cp-color1\">1,95&nbsp;\u20ac<\/span><\/h4>\n<\/div>\n<\/div>\n<\/div>\n<div class=\"brz-wrapper-clone brz-css-eDmqB\">\n<div class=\"brz-d-xs-flex brz-flex-xs-wrap brz-css-bjYNx\" data-brz-custom-id=\"\">\n<div class=\"brz-wrapper-clone__item\" id=\"k7a69A8UxQNY\"><a class=\"brz-a brz-btn brz-css-jsgDQ brz-css-rZkT0 brz-css-dyUNK brz-css-xbPrK\" href=\"https:\/\/www.nievesviesca.com\/blog\/producto\/ebook-el-tunel-y-los-dias\/\" target=\"_blank\" rel=\"noopener\" data-brz-link-type=\"external\" data-brz-custom-id=\"k7a69A8UxQNY\"><span data-brz-translate-text=\"1\" class=\"brz-span brz-text__editor\">COMPRAR<\/span><\/a><\/div>\n<\/div>\n<\/div>\n<\/div>\n<\/div>\n<div class=\"brz-columns brz-css-wlUsu brz-css-ixjRI\" data-brz-custom-id=\"eLpZzKobJeUj\">\n<div class=\"brz-bg\">\n<div class=\"brz-bg-color\"><\/div>\n<\/div>\n<div class=\"brz-column__items brz-css-oo6B3 brz-css-rxkH2\">\n<div id=\"\" class=\"brz-css-kQa58 brz-wrapper\">\n<div class=\"brz-rich-text brz-rich-text__custom brz-css-cGdzm\" data-brz-custom-id=\"gfi3OuM2brTr\">\n<div data-brz-translate-text=\"1\">\n<h4 class=\"brz-tp-lg-heading4 brz-text-lg-center brz-bcp-color7 ql-align-center brz-css-yeeAb\" data-uniq-id=\"bZtQM\" data-generated-css=\"brz-css-iiDle\"><span class=\"brz-cp-color1\">ENKUADRES<\/span><\/h4>\n<h4 class=\"brz-tp-lg-heading4 brz-text-lg-center brz-bcp-color7 ql-align-center brz-css-pDM4T\" data-uniq-id=\"oEz0B\" data-generated-css=\"brz-css-dqsfQ\"><strong class=\"brz-cp-color1\">14,00&nbsp;\u20ac<\/strong><\/h4>\n<\/div>\n<\/div>\n<\/div>\n<div class=\"brz-wrapper-clone brz-css-eDmqB\">\n<div class=\"brz-d-xs-flex brz-flex-xs-wrap brz-css-bjYNx\" data-brz-custom-id=\"\">\n<div class=\"brz-wrapper-clone__item\" id=\"pPIsuEucXtip\"><a class=\"brz-a brz-btn brz-css-jsgDQ brz-css-lomdz brz-css-dyUNK brz-css-jFkA6\" href=\"https:\/\/enkuadres.es\/p\/09-el-tunel-y-los-dias-nieves-viesca\" target=\"_blank\" rel=\"noopener\" data-brz-link-type=\"external\" data-brz-custom-id=\"pPIsuEucXtip\"><span data-brz-translate-text=\"1\" class=\"brz-span brz-text__editor\">COMPRAR<\/span><\/a><\/div>\n<\/div>\n<\/div>\n<\/div>\n<\/div>\n<\/div>\n<\/div>\n<\/div>\n<\/div>\n<\/section>\n<\/div>\n<p>    <!-- version:1727340001 --><\/p>\n","protected":false},"excerpt":{"rendered":"<p>El T\u00fanel y los D\u00edas EL T\u00daNEL Y LOS D\u00cdAS. Editorial:&nbsp;Enkuadres |&nbsp;Poes\u00eda BIOGRAF\u00cdA Nieves Viesca (1959) nace en Gij\u00f3n, ciudad donde reside. Poeta y narradora, su camino hacia La Palabra se inicia en el peri\u00f3dico \u2018El Noroeste\u2019 (1978) como Teclista &hellip; <a href=\"https:\/\/www.nievesviesca.com\/blog\/el-tunel-y-los-dias\/\">Sigue leyendo <span class=\"meta-nav\">&rarr;<\/span><\/a><\/p>\n","protected":false},"author":1,"featured_media":0,"parent":0,"menu_order":0,"comment_status":"closed","ping_status":"closed","template":"brizy-blank-template.php","meta":{"_bbp_topic_count":0,"_bbp_reply_count":0,"_bbp_total_topic_count":0,"_bbp_total_reply_count":0,"_bbp_voice_count":0,"_bbp_anonymous_reply_count":0,"_bbp_topic_count_hidden":0,"_bbp_reply_count_hidden":0,"_bbp_forum_subforum_count":0,"om_disable_all_campaigns":false,"_monsterinsights_skip_tracking":false,"_monsterinsights_sitenote_active":false,"_monsterinsights_sitenote_note":"","_monsterinsights_sitenote_category":0,"jetpack_post_was_ever_published":false,"footnotes":""},"aioseo_notices":[],"jetpack_sharing_enabled":true,"jetpack_shortlink":"https:\/\/wp.me\/P6xI8c-2ZU","_links":{"self":[{"href":"https:\/\/www.nievesviesca.com\/blog\/wp-json\/wp\/v2\/pages\/11526"}],"collection":[{"href":"https:\/\/www.nievesviesca.com\/blog\/wp-json\/wp\/v2\/pages"}],"about":[{"href":"https:\/\/www.nievesviesca.com\/blog\/wp-json\/wp\/v2\/types\/page"}],"author":[{"embeddable":true,"href":"https:\/\/www.nievesviesca.com\/blog\/wp-json\/wp\/v2\/users\/1"}],"replies":[{"embeddable":true,"href":"https:\/\/www.nievesviesca.com\/blog\/wp-json\/wp\/v2\/comments?post=11526"}],"version-history":[{"count":16,"href":"https:\/\/www.nievesviesca.com\/blog\/wp-json\/wp\/v2\/pages\/11526\/revisions"}],"predecessor-version":[{"id":15378,"href":"https:\/\/www.nievesviesca.com\/blog\/wp-json\/wp\/v2\/pages\/11526\/revisions\/15378"}],"wp:attachment":[{"href":"https:\/\/www.nievesviesca.com\/blog\/wp-json\/wp\/v2\/media?parent=11526"}],"curies":[{"name":"wp","href":"https:\/\/api.w.org\/{rel}","templated":true}]}}